{"id":1842,"date":"2021-12-15T21:18:04","date_gmt":"2021-12-15T20:18:04","guid":{"rendered":"https:\/\/www.wellnessforbusiness.be\/webinars\/"},"modified":"2022-01-04T14:05:22","modified_gmt":"2022-01-04T13:05:22","slug":"webinars","status":"publish","type":"page","link":"https:\/\/www.wellnessforbusiness.be\/fr\/webinars\/","title":{"rendered":"Webinars"},"content":{"rendered":"\n<section class=\"gc-hero\">\n\t\n<div class=\"gc-container gc-hero__container\" >\n\t\t\t\t\t\t\t\t<div class=\"gc-breadcrumb gc-hero__breadcrumb\">\n\t<nav aria-label=\"breadcrumbs\" class=\"rank-math-breadcrumb\"><p><span class=\"last\">Home<\/span><\/p><\/nav>\n<\/div>\t\t\t\t\t\t<div class=\"gc-hero__content\">\n\t\t\t\t<div class=\"gc-hero__wrapper\">\n\t\t\t\t\t<h1 class=\"gc-hero__title\">\n\t\t\t\t\t\tWebinars\n\t\t\t\t\t<\/h1>\n\t\t\t\t\t<div class=\"gc-hero__text\">\n\t\t\t\t\t\t<p style=\"text-align: center;\">Wellness for Business organise plusieurs webinaires sur le bien-\u00eatre et la sant\u00e9 au travail. Choisissez parmi notre gamme vari\u00e9e.<\/p>\n\n\t\t\t\t\t<\/div>\n\t\t\t\t<\/div>\n\t\t\t\t\t\t\t\t\t<div class=\"gc-hero__buttons\">\n\t\t\t\t\t\t\t\t\t\t\t\t\t\t\t\t\t\t\t\t\t\t\t\t\t\t\t\n\t\t\t\t\n\t<a href='https:\/\/www.wellnessforbusiness.be\/contact\/' class=\"gc-button gc-button--subtel gc-hero__button\" role=\"button\" >\n\t\t\t\tNous contacter\n\t\t\t<\/a>\n\t\t\t\t\t\t\t\t\t\t\t<\/div>\n\t\t\t\t\t\t\t<\/div>\n\t\t\t<img loading=\"lazy\" decoding=\"async\" width=\"1440\" height=\"810\" src=\"https:\/\/www.wellnessforbusiness.be\/wp-content\/uploads\/Rectangle-31-1440x810.png\" class=\"gc-hero__background\" alt=\"\" srcset=\"https:\/\/www.wellnessforbusiness.be\/wp-content\/uploads\/Rectangle-31-1440x810.png 1440w, https:\/\/www.wellnessforbusiness.be\/wp-content\/uploads\/Rectangle-31-300x169.png 300w, https:\/\/www.wellnessforbusiness.be\/wp-content\/uploads\/Rectangle-31-1024x576.png 1024w, https:\/\/www.wellnessforbusiness.be\/wp-content\/uploads\/Rectangle-31-768x432.png 768w, https:\/\/www.wellnessforbusiness.be\/wp-content\/uploads\/Rectangle-31-1536x864.png 1536w, https:\/\/www.wellnessforbusiness.be\/wp-content\/uploads\/Rectangle-31.png 1920w\" sizes=\"auto, (max-width: 1440px) 100vw, 1440px\" \/>\n\t\t<\/div><\/section>\n\n\n\n<section class=\"gc-overview-block\" id=\"overview\">\n\t\n<div class=\"gc-container gc-container--has-padding\" >\n\t\t\t\t<ul class=\"gc-categories gc-overview-block__categories\">\n\t\t\t<li>\n\t\t\t<a class=\"gc-categories__link \" href=\"https:\/\/www.wellnessforbusiness.be\/fr\/ateliers-et-seminaires-en-ligne\/?cat=32#overview\">\n\t\t\t\tBien-\u00eatre Mental\n\t\t\t<\/a>\n\t\t<\/li>\n\t\t\t<li>\n\t\t\t<a class=\"gc-categories__link \" href=\"https:\/\/www.wellnessforbusiness.be\/fr\/ateliers-et-seminaires-en-ligne\/?cat=34#overview\">\n\t\t\t\tCommuniquer plus fortement\n\t\t\t<\/a>\n\t\t<\/li>\n\t\t\t<li>\n\t\t\t<a class=\"gc-categories__link \" href=\"https:\/\/www.wellnessforbusiness.be\/fr\/ateliers-et-seminaires-en-ligne\/?cat=27#overview\">\n\t\t\t\tD\u00e9tente et Mouvement\n\t\t\t<\/a>\n\t\t<\/li>\n\t\t\t<li>\n\t\t\t<a class=\"gc-categories__link \" href=\"https:\/\/www.wellnessforbusiness.be\/fr\/ateliers-et-seminaires-en-ligne\/?cat=26#overview\">\n\t\t\t\tNutrition\n\t\t\t<\/a>\n\t\t<\/li>\n\t\t\t<li>\n\t\t\t<a class=\"gc-categories__link \" href=\"https:\/\/www.wellnessforbusiness.be\/fr\/ateliers-et-seminaires-en-ligne\/?cat=28#overview\">\n\t\t\t\tErgonomie\n\t\t\t<\/a>\n\t\t<\/li>\n\t\t<li class=\"gc-categories__item\">\n\t\t<a href=\"https:\/\/www.wellnessforbusiness.be\/fr\/ateliers-et-seminaires-en-ligne\/#overview\" class=\"gc-categories__link gc-categories__link--current\">\n\t\t\tTout\n\t\t<\/a>\n\t<\/li>\n<\/ul>\t\t\t<ul class=\"gc-overview-block__list\">\n\t\t\t\t\t\t\t\t\t\n<li class=\"gc-item\">\n\t\t\t<a href=\"https:\/\/www.wellnessforbusiness.be\/fr\/workshop\/resilience\/\">\n\t\t\t<img loading=\"lazy\" decoding=\"async\" width=\"500\" height=\"333\" src=\"https:\/\/www.wellnessforbusiness.be\/wp-content\/uploads\/resilience.jpeg\" class=\"gc-item__thumbnail\" alt=\"r\u00e9silience\" srcset=\"https:\/\/www.wellnessforbusiness.be\/wp-content\/uploads\/resilience.jpeg 500w, https:\/\/www.wellnessforbusiness.be\/wp-content\/uploads\/resilience-300x200.jpeg 300w\" sizes=\"auto, (max-width: 500px) 100vw, 500px\" \/>\n\t\t<\/a>\n\t\t<div class=\"gc-item__content\">\n\t\t<h3 class=\"gc-item__title\">\n\t\t\tR\u00e9silience\n\t\t<\/h3>\n\t\t<div class=\"gc-item__text\">\n\t\t\tComment renforcez-vous votre r\u00e9silience dans votre vie quotidienne malgr\u00e9 une charge de travail importante et une vie priv\u00e9e charg\u00e9e ?\n\t\t<\/div>\n\t\t\t\n\n\n<a class=\"gc-button-icon gc-item__button\"  href=\"https:\/\/www.wellnessforbusiness.be\/fr\/workshop\/resilience\/\"   aria-label=\"R\u00e9silience\"  >\n\t<svg class='gc-button-icon__icon' xmlns=\"http:\/\/www.w3.org\/2000\/svg\" viewBox=\"0 0 448 512\"><!-- Font Awesome Pro 5.15.1 by @fontawesome - https:\/\/fontawesome.com License - https:\/\/fontawesome.com\/license (Commercial License) --><path d=\"M190.5 66.9l22.2-22.2c9.4-9.4 24.6-9.4 33.9 0L441 239c9.4 9.4 9.4 24.6 0 33.9L246.6 467.3c-9.4 9.4-24.6 9.4-33.9 0l-22.2-22.2c-9.5-9.5-9.3-25 .4-34.3L311.4 296H24c-13.3 0-24-10.7-24-24v-32c0-13.3 10.7-24 24-24h287.4L190.9 101.2c-9.8-9.3-10-24.8-.4-34.3z\"\/><\/svg>\n<\/a>\t<\/div>\n<\/li>\t\t\t\t\t\t\t\t\t\n<li class=\"gc-item\">\n\t\t\t<a href=\"https:\/\/www.wellnessforbusiness.be\/fr\/workshop\/limportance-du-sommeil\/\">\n\t\t\t<img loading=\"lazy\" decoding=\"async\" width=\"412\" height=\"250\" src=\"https:\/\/www.wellnessforbusiness.be\/wp-content\/uploads\/Rectangle-51-12.jpg\" class=\"gc-item__thumbnail\" alt=\"\" srcset=\"https:\/\/www.wellnessforbusiness.be\/wp-content\/uploads\/Rectangle-51-12.jpg 412w, https:\/\/www.wellnessforbusiness.be\/wp-content\/uploads\/Rectangle-51-12-300x182.jpg 300w\" sizes=\"auto, (max-width: 412px) 100vw, 412px\" \/>\n\t\t<\/a>\n\t\t<div class=\"gc-item__content\">\n\t\t<h3 class=\"gc-item__title\">\n\t\t\tBien dormir !\n\t\t<\/h3>\n\t\t<div class=\"gc-item__text\">\n\t\t\tComprendre votre m\u00e9canisme veille-sommeil et d\u00e9couvrir comment vous pouvez am\u00e9liorer vos propres capacit\u00e9s de sommeil.\n\t\t<\/div>\n\t\t\t\n\n\n<a class=\"gc-button-icon gc-item__button\"  href=\"https:\/\/www.wellnessforbusiness.be\/fr\/workshop\/limportance-du-sommeil\/\"   aria-label=\"Bien dormir !\"  >\n\t<svg class='gc-button-icon__icon' xmlns=\"http:\/\/www.w3.org\/2000\/svg\" viewBox=\"0 0 448 512\"><!-- Font Awesome Pro 5.15.1 by @fontawesome - https:\/\/fontawesome.com License - https:\/\/fontawesome.com\/license (Commercial License) --><path d=\"M190.5 66.9l22.2-22.2c9.4-9.4 24.6-9.4 33.9 0L441 239c9.4 9.4 9.4 24.6 0 33.9L246.6 467.3c-9.4 9.4-24.6 9.4-33.9 0l-22.2-22.2c-9.5-9.5-9.3-25 .4-34.3L311.4 296H24c-13.3 0-24-10.7-24-24v-32c0-13.3 10.7-24 24-24h287.4L190.9 101.2c-9.8-9.3-10-24.8-.4-34.3z\"\/><\/svg>\n<\/a>\t<\/div>\n<\/li>\t\t\t\t\t\t\t\t\t\n<li class=\"gc-item\">\n\t\t\t<a href=\"https:\/\/www.wellnessforbusiness.be\/fr\/workshop\/marche-consciente\/\">\n\t\t\t<img loading=\"lazy\" decoding=\"async\" width=\"500\" height=\"500\" src=\"https:\/\/www.wellnessforbusiness.be\/wp-content\/uploads\/Wellnessforbusiness-mindful-walk.jpg\" class=\"gc-item__thumbnail\" alt=\"\" srcset=\"https:\/\/www.wellnessforbusiness.be\/wp-content\/uploads\/Wellnessforbusiness-mindful-walk.jpg 500w, https:\/\/www.wellnessforbusiness.be\/wp-content\/uploads\/Wellnessforbusiness-mindful-walk-300x300.jpg 300w, https:\/\/www.wellnessforbusiness.be\/wp-content\/uploads\/Wellnessforbusiness-mindful-walk-150x150.jpg 150w\" sizes=\"auto, (max-width: 500px) 100vw, 500px\" \/>\n\t\t<\/a>\n\t\t<div class=\"gc-item__content\">\n\t\t<h3 class=\"gc-item__title\">\n\t\t\tMarche consciente\n\t\t<\/h3>\n\t\t<div class=\"gc-item__text\">\n\t\t\tMarcher dans l&#8217;ici et maintenant, combin\u00e9 \u00e0 des exercices de respiration et de pleine conscience, vous donne plus d&#8217;\u00e9nergie.\n\t\t<\/div>\n\t\t\t\n\n\n<a class=\"gc-button-icon gc-item__button\"  href=\"https:\/\/www.wellnessforbusiness.be\/fr\/workshop\/marche-consciente\/\"   aria-label=\"Marche consciente\"  >\n\t<svg class='gc-button-icon__icon' xmlns=\"http:\/\/www.w3.org\/2000\/svg\" viewBox=\"0 0 448 512\"><!-- Font Awesome Pro 5.15.1 by @fontawesome - https:\/\/fontawesome.com License - https:\/\/fontawesome.com\/license (Commercial License) --><path d=\"M190.5 66.9l22.2-22.2c9.4-9.4 24.6-9.4 33.9 0L441 239c9.4 9.4 9.4 24.6 0 33.9L246.6 467.3c-9.4 9.4-24.6 9.4-33.9 0l-22.2-22.2c-9.5-9.5-9.3-25 .4-34.3L311.4 296H24c-13.3 0-24-10.7-24-24v-32c0-13.3 10.7-24 24-24h287.4L190.9 101.2c-9.8-9.3-10-24.8-.4-34.3z\"\/><\/svg>\n<\/a>\t<\/div>\n<\/li>\t\t\t\t\t\t\t\t\t\n<li class=\"gc-item\">\n\t\t\t<a href=\"https:\/\/www.wellnessforbusiness.be\/fr\/workshop\/communication-connective\/\">\n\t\t\t<img loading=\"lazy\" decoding=\"async\" width=\"768\" height=\"512\" src=\"https:\/\/www.wellnessforbusiness.be\/wp-content\/uploads\/pesten-vrouw-met-handen-op-orden-768x512.jpg\" class=\"gc-item__thumbnail\" alt=\"\" srcset=\"https:\/\/www.wellnessforbusiness.be\/wp-content\/uploads\/pesten-vrouw-met-handen-op-orden-768x512.jpg 768w, https:\/\/www.wellnessforbusiness.be\/wp-content\/uploads\/pesten-vrouw-met-handen-op-orden-300x200.jpg 300w, https:\/\/www.wellnessforbusiness.be\/wp-content\/uploads\/pesten-vrouw-met-handen-op-orden-1024x683.jpg 1024w, https:\/\/www.wellnessforbusiness.be\/wp-content\/uploads\/pesten-vrouw-met-handen-op-orden-1536x1024.jpg 1536w, https:\/\/www.wellnessforbusiness.be\/wp-content\/uploads\/pesten-vrouw-met-handen-op-orden-2048x1365.jpg 2048w, https:\/\/www.wellnessforbusiness.be\/wp-content\/uploads\/pesten-vrouw-met-handen-op-orden-1440x960.jpg 1440w\" sizes=\"auto, (max-width: 768px) 100vw, 768px\" \/>\n\t\t<\/a>\n\t\t<div class=\"gc-item__content\">\n\t\t<h3 class=\"gc-item__title\">\n\t\t\tCommunication Connective\n\t\t<\/h3>\n\t\t<div class=\"gc-item__text\">\n\t\t\tQuand r\u00e9agissez-vous aux situations de conflict au sein de votre \u00e9quipe? Quelles techniques de conversation utilisez-vous pour aborder les situations de conflict?\n\t\t<\/div>\n\t\t\t\n\n\n<a class=\"gc-button-icon gc-item__button\"  href=\"https:\/\/www.wellnessforbusiness.be\/fr\/workshop\/communication-connective\/\"   aria-label=\"Communication Connective\"  >\n\t<svg class='gc-button-icon__icon' xmlns=\"http:\/\/www.w3.org\/2000\/svg\" viewBox=\"0 0 448 512\"><!-- Font Awesome Pro 5.15.1 by @fontawesome - https:\/\/fontawesome.com License - https:\/\/fontawesome.com\/license (Commercial License) --><path d=\"M190.5 66.9l22.2-22.2c9.4-9.4 24.6-9.4 33.9 0L441 239c9.4 9.4 9.4 24.6 0 33.9L246.6 467.3c-9.4 9.4-24.6 9.4-33.9 0l-22.2-22.2c-9.5-9.5-9.3-25 .4-34.3L311.4 296H24c-13.3 0-24-10.7-24-24v-32c0-13.3 10.7-24 24-24h287.4L190.9 101.2c-9.8-9.3-10-24.8-.4-34.3z\"\/><\/svg>\n<\/a>\t<\/div>\n<\/li>\t\t\t\t\t\t\t\t\t\n<li class=\"gc-item\">\n\t\t\t<a href=\"https:\/\/www.wellnessforbusiness.be\/fr\/workshop\/communication-non-verbale\/\">\n\t\t\t<img loading=\"lazy\" decoding=\"async\" width=\"509\" height=\"339\" src=\"https:\/\/www.wellnessforbusiness.be\/wp-content\/uploads\/3-mannen-praten-aan-bureau-istockphoto.jpg\" class=\"gc-item__thumbnail\" alt=\"\" srcset=\"https:\/\/www.wellnessforbusiness.be\/wp-content\/uploads\/3-mannen-praten-aan-bureau-istockphoto.jpg 509w, https:\/\/www.wellnessforbusiness.be\/wp-content\/uploads\/3-mannen-praten-aan-bureau-istockphoto-300x200.jpg 300w\" sizes=\"auto, (max-width: 509px) 100vw, 509px\" \/>\n\t\t<\/a>\n\t\t<div class=\"gc-item__content\">\n\t\t<h3 class=\"gc-item__title\">\n\t\t\tCommunication Non Verbale\n\t\t<\/h3>\n\t\t<div class=\"gc-item__text\">\n\t\t\tPrenez conscience de ce que votre corps dit pendant que vous parlez ! Est-ce que tu envoies parfois de mauvais signaux ?\n\t\t<\/div>\n\t\t\t\n\n\n<a class=\"gc-button-icon gc-item__button\"  href=\"https:\/\/www.wellnessforbusiness.be\/fr\/workshop\/communication-non-verbale\/\"   aria-label=\"Communication Non Verbale\"  >\n\t<svg class='gc-button-icon__icon' xmlns=\"http:\/\/www.w3.org\/2000\/svg\" viewBox=\"0 0 448 512\"><!-- Font Awesome Pro 5.15.1 by @fontawesome - https:\/\/fontawesome.com License - https:\/\/fontawesome.com\/license (Commercial License) --><path d=\"M190.5 66.9l22.2-22.2c9.4-9.4 24.6-9.4 33.9 0L441 239c9.4 9.4 9.4 24.6 0 33.9L246.6 467.3c-9.4 9.4-24.6 9.4-33.9 0l-22.2-22.2c-9.5-9.5-9.3-25 .4-34.3L311.4 296H24c-13.3 0-24-10.7-24-24v-32c0-13.3 10.7-24 24-24h287.4L190.9 101.2c-9.8-9.3-10-24.8-.4-34.3z\"\/><\/svg>\n<\/a>\t<\/div>\n<\/li>\t\t\t\t\t\t\t\t\t\n<li class=\"gc-item\">\n\t\t\t<a href=\"https:\/\/www.wellnessforbusiness.be\/fr\/workshop\/communication-assertive\/\">\n\t\t\t<img loading=\"lazy\" decoding=\"async\" width=\"1\" height=\"1\" src=\"https:\/\/www.wellnessforbusiness.be\/wp-content\/uploads\/man-vrouw-open-handen.jpg\" class=\"gc-item__thumbnail\" alt=\"\" \/>\n\t\t<\/a>\n\t\t<div class=\"gc-item__content\">\n\t\t<h3 class=\"gc-item__title\">\n\t\t\tCommunication Assertive\n\t\t<\/h3>\n\t\t<div class=\"gc-item__text\">\n\t\t\tAprrenez \u00e0 mieux comprendre le langage corporel de votre partenaire de conversation ce qui vous permettra de mieux comprendre le comportement et les sentiments\n\t\t<\/div>\n\t\t\t\n\n\n<a class=\"gc-button-icon gc-item__button\"  href=\"https:\/\/www.wellnessforbusiness.be\/fr\/workshop\/communication-assertive\/\"   aria-label=\"Communication Assertive\"  >\n\t<svg class='gc-button-icon__icon' xmlns=\"http:\/\/www.w3.org\/2000\/svg\" viewBox=\"0 0 448 512\"><!-- Font Awesome Pro 5.15.1 by @fontawesome - https:\/\/fontawesome.com License - https:\/\/fontawesome.com\/license (Commercial License) --><path d=\"M190.5 66.9l22.2-22.2c9.4-9.4 24.6-9.4 33.9 0L441 239c9.4 9.4 9.4 24.6 0 33.9L246.6 467.3c-9.4 9.4-24.6 9.4-33.9 0l-22.2-22.2c-9.5-9.5-9.3-25 .4-34.3L311.4 296H24c-13.3 0-24-10.7-24-24v-32c0-13.3 10.7-24 24-24h287.4L190.9 101.2c-9.8-9.3-10-24.8-.4-34.3z\"\/><\/svg>\n<\/a>\t<\/div>\n<\/li>\t\t\t\t\t\t\t<\/ul>\n\t\t\t\t<ul class=\"gc-pagination\">\n\t\t<li class=\"gc-pagination__item\">\n\t\t\t\t\n\n\n<a class=\"gc-button-icon gc-button-icon--disabled gc-pagination__arrow--left\"  href=\"#overview\"   aria-label=\"Page pr\u00e9c\u00e9dente\"  >\n\t<svg class='gc-button-icon__icon' xmlns=\"http:\/\/www.w3.org\/2000\/svg\" viewBox=\"0 0 448 512\"><!-- Font Awesome Pro 5.15.1 by @fontawesome - https:\/\/fontawesome.com License - https:\/\/fontawesome.com\/license (Commercial License) --><path d=\"M257.5 445.1l-22.2 22.2c-9.4 9.4-24.6 9.4-33.9 0L7 273c-9.4-9.4-9.4-24.6 0-33.9L201.4 44.7c9.4-9.4 24.6-9.4 33.9 0l22.2 22.2c9.5 9.5 9.3 25-.4 34.3L136.6 216H424c13.3 0 24 10.7 24 24v32c0 13.3-10.7 24-24 24H136.6l120.5 114.8c9.8 9.3 10 24.8.4 34.3z\"\/><\/svg>\n<\/a>\t\t<\/li>\n\n\t\t\n\t\t\t\t\t<li class=\"gc-pagination__item\">\n\t\t\t\t<a class=\"gc-pagination__link gc-pagination__link--current\" href=\"https:\/\/www.wellnessforbusiness.be\/fr\/wp-json\/wp\/v2\/pages\/1842\/#overview\">1<\/a>\n\t\t\t<\/li>\n\t\t\t\t\t<li class=\"gc-pagination__item\">\n\t\t\t\t<a class=\"gc-pagination__link \" href=\"https:\/\/www.wellnessforbusiness.be\/fr\/wp-json\/wp\/v2\/pages\/1842\/page\/2\/#overview\">2<\/a>\n\t\t\t<\/li>\n\t\t\t\t\t<li class=\"gc-pagination__item\">\n\t\t\t\t<a class=\"gc-pagination__link \" href=\"https:\/\/www.wellnessforbusiness.be\/fr\/wp-json\/wp\/v2\/pages\/1842\/page\/3\/#overview\">3<\/a>\n\t\t\t<\/li>\n\t\t\n\t\t\t\t\t<li class=\"gc-pagination__item\">\n\t\t\t\t&#8230;\n\t\t\t\t<a class=\"gc-pagination__link\" href=\"https:\/\/www.wellnessforbusiness.be\/fr\/wp-json\/wp\/v2\/pages\/1842\/page\/5\/#overview\">5<\/a>\n\t\t\t<\/li>\n\t\t\n\t\t<li class=\"gc-pagination__item\">\n\t\t\t\t\n\n\n<a class=\"gc-button-icon gc-pagination__arrow--right\"  href=\"https:\/\/www.wellnessforbusiness.be\/fr\/wp-json\/wp\/v2\/pages\/1842\/page\/2\/#overview\"   aria-label=\"Page suivante\"  >\n\t<svg class='gc-button-icon__icon' xmlns=\"http:\/\/www.w3.org\/2000\/svg\" viewBox=\"0 0 448 512\"><!-- Font Awesome Pro 5.15.1 by @fontawesome - https:\/\/fontawesome.com License - https:\/\/fontawesome.com\/license (Commercial License) --><path d=\"M190.5 66.9l22.2-22.2c9.4-9.4 24.6-9.4 33.9 0L441 239c9.4 9.4 9.4 24.6 0 33.9L246.6 467.3c-9.4 9.4-24.6 9.4-33.9 0l-22.2-22.2c-9.5-9.5-9.3-25 .4-34.3L311.4 296H24c-13.3 0-24-10.7-24-24v-32c0-13.3 10.7-24 24-24h287.4L190.9 101.2c-9.8-9.3-10-24.8-.4-34.3z\"\/><\/svg>\n<\/a>\t\t<\/li>\n\t<\/ul>\n\t\t<\/div><\/section>\n\n\n<section class=\"gc-links gc-links--gold\">\n\t\n<div class=\"gc-container gc-links__container\" >\n\t\t\t\t<div class=\"gc-links__wrapper\">\n\t\t\t\t<h2 class=\"gc-links__title\">\n\t\t\t\t\tVous souhaitez am\u00e9liorer encore plus la sant\u00e9 sur votre lieu de travail ?\n\n\n\t\t\t\t<\/h2>\n\t\t\t\t<div class=\"gc-links__subtitle h4\">\n\t\t\t\t\tEssayez nos ateliers interactifs chez Wellness for Business\n\n\t\t\t\t<\/div>\n\t\t\t\t\t\t\t\t\t<div class=\"gc-links__links gc-links__links--center\">\n\t\t\t\t\t\t\t\t\t\t\t\t\t<a href=\"https:\/\/www.wellnessforbusiness.be\/workshops\/\" class=\"gc-links__link\">\n\t\t\t\t\t\t\t\t<div class=\"gc-links__icon-wrapper\">\n\t\t\t\t\t\t\t\t\t<img loading=\"lazy\" decoding=\"async\" width=\"48\" height=\"48\" src=\"https:\/\/www.wellnessforbusiness.be\/wp-content\/uploads\/Vector-1.png\" class=\"gc-links__icon\" alt=\"\" \/>\n\t\t\t\t\t\t\t\t<\/div>\n\t\t\t\t\t\t\t\t<h3 class=\"gc-links__link-title\">\n\t\t\t\t\t\t\t\t\tAteliers\n\t\t\t\t\t\t\t\t<\/h3>\n\t\t\t\t\t\t\t\t\t\n\n\n<div class=\"gc-button-icon gc-links__button\"   >\n\t<svg class='gc-button-icon__icon' xmlns=\"http:\/\/www.w3.org\/2000\/svg\" viewBox=\"0 0 448 512\"><!-- Font Awesome Pro 5.15.1 by @fontawesome - https:\/\/fontawesome.com License - https:\/\/fontawesome.com\/license (Commercial License) --><path d=\"M190.5 66.9l22.2-22.2c9.4-9.4 24.6-9.4 33.9 0L441 239c9.4 9.4 9.4 24.6 0 33.9L246.6 467.3c-9.4 9.4-24.6 9.4-33.9 0l-22.2-22.2c-9.5-9.5-9.3-25 .4-34.3L311.4 296H24c-13.3 0-24-10.7-24-24v-32c0-13.3 10.7-24 24-24h287.4L190.9 101.2c-9.8-9.3-10-24.8-.4-34.3z\"\/><\/svg>\n<\/div>\t\t\t\t\t\t\t<\/a>\n\t\t\t\t\t\t\t\t\t\t\t<\/div>\n\t\t\t\t\t\t\t<\/div>\n\t\t<\/div><\/section>","protected":false},"excerpt":{"rendered":"","protected":false},"author":1,"featured_media":0,"parent":0,"menu_order":0,"comment_status":"closed","ping_status":"closed","template":"","meta":{"_acf_changed":false,"footnotes":""},"class_list":["post-1842","page","type-page","status-publish","hentry"],"acf":[],"_links":{"self":[{"href":"https:\/\/www.wellnessforbusiness.be\/fr\/wp-json\/wp\/v2\/pages\/1842","targetHints":{"allow":["GET"]}}],"collection":[{"href":"https:\/\/www.wellnessforbusiness.be\/fr\/wp-json\/wp\/v2\/pages"}],"about":[{"href":"https:\/\/www.wellnessforbusiness.be\/fr\/wp-json\/wp\/v2\/types\/page"}],"author":[{"embeddable":true,"href":"https:\/\/www.wellnessforbusiness.be\/fr\/wp-json\/wp\/v2\/users\/1"}],"replies":[{"embeddable":true,"href":"https:\/\/www.wellnessforbusiness.be\/fr\/wp-json\/wp\/v2\/comments?post=1842"}],"version-history":[{"count":3,"href":"https:\/\/www.wellnessforbusiness.be\/fr\/wp-json\/wp\/v2\/pages\/1842\/revisions"}],"predecessor-version":[{"id":1943,"href":"https:\/\/www.wellnessforbusiness.be\/fr\/wp-json\/wp\/v2\/pages\/1842\/revisions\/1943"}],"wp:attachment":[{"href":"https:\/\/www.wellnessforbusiness.be\/fr\/wp-json\/wp\/v2\/media?parent=1842"}],"curies":[{"name":"wp","href":"https:\/\/api.w.org\/{rel}","templated":true}]}}